{"version":"1.0","provider_name":"Kritische Masse","provider_url":"https:\/\/www.kritische-masse.de\/logbuch","title":"Kulturhauptstadt Regensburg - Kritische Masse","type":"rich","width":600,"height":338,"html":"<blockquote class=\"wp-embedded-content\" data-secret=\"siZziegRX0\"><a href=\"https:\/\/www.kritische-masse.de\/logbuch\/2004\/08\/kulturhauptstadt-regensburg\/\">Kulturhauptstadt Regensburg<\/a><\/blockquote><iframe sandbox=\"allow-scripts\" security=\"restricted\" src=\"https:\/\/www.kritische-masse.de\/logbuch\/2004\/08\/kulturhauptstadt-regensburg\/embed\/#?secret=siZziegRX0\" width=\"600\" height=\"338\" title=\"&#8222;Kulturhauptstadt Regensburg&#8220; &#8211; Kritische Masse\" data-secret=\"siZziegRX0\" frameborder=\"0\" marginwidth=\"0\" marginheight=\"0\" scrolling=\"no\" class=\"wp-embedded-content\"><\/iframe><script>\n\/*! This file is auto-generated *\/\n!function(d,l){\"use strict\";l.querySelector&&d.addEventListener&&\"undefined\"!=typeof URL&&(d.wp=d.wp||{},d.wp.receiveEmbedMessage||(d.wp.receiveEmbedMessage=function(e){var t=e.data;if((t||t.secret||t.message||t.value)&&!\/[^a-zA-Z0-9]\/.test(t.secret)){for(var s,r,n,a=l.querySelectorAll('iframe[data-secret=\"'+t.secret+'\"]'),o=l.querySelectorAll('blockquote[data-secret=\"'+t.secret+'\"]'),c=new RegExp(\"^https?:$\",\"i\"),i=0;i<o.length;i++)o[i].style.display=\"none\";for(i=0;i<a.length;i++)s=a[i],e.source===s.contentWindow&&(s.removeAttribute(\"style\"),\"height\"===t.message?(1e3<(r=parseInt(t.value,10))?r=1e3:~~r<200&&(r=200),s.height=r):\"link\"===t.message&&(r=new URL(s.getAttribute(\"src\")),n=new URL(t.value),c.test(n.protocol))&&n.host===r.host&&l.activeElement===s&&(d.top.location.href=t.value))}},d.addEventListener(\"message\",d.wp.receiveEmbedMessage,!1),l.addEventListener(\"DOMContentLoaded\",function(){for(var e,t,s=l.querySelectorAll(\"iframe.wp-embedded-content\"),r=0;r<s.length;r++)(t=(e=s[r]).getAttribute(\"data-secret\"))||(t=Math.random().toString(36).substring(2,12),e.src+=\"#?secret=\"+t,e.setAttribute(\"data-secret\",t)),e.contentWindow.postMessage({message:\"ready\",secret:t},\"*\")},!1)))}(window,document);\n\/\/# sourceURL=https:\/\/www.kritische-masse.de\/logbuch\/wp-includes\/js\/wp-embed.min.js\n<\/script>\n","description":"Ach, wenn Regensburg nur insgesamt ein bisschen so w\u00e4re wie hier: Gestern abend kam der 3sat-Kulturzeit-T\u00dcV. Jaja, eine wunderbare mittelalterliche Altstadt, beinahe zu sch\u00f6n restauriert. Ein Stadt in kulturelle Watte gepackt. Sch\u00f6n f\u00fcr G\u00e4ste, aber sonst. Was gibt es denn hier? Was tun den die B\u00fcrger der Stadt f\u00fcr ihre Kultur? Was tut die Stadt [&hellip;]"}