{"version":"1.0","provider_name":"Kritische Masse","provider_url":"https:\/\/www.kritische-masse.de\/logbuch","title":"Das Leben \u00e4ndern, nicht die Kunst - Kritische Masse","type":"rich","width":600,"height":338,"html":"<blockquote class=\"wp-embedded-content\" data-secret=\"jN3JM21sD6\"><a href=\"https:\/\/www.kritische-masse.de\/logbuch\/2011\/01\/das-leben-ndern-nicht-die-kunst\/\">Das Leben \u00e4ndern, nicht die Kunst<\/a><\/blockquote><iframe sandbox=\"allow-scripts\" security=\"restricted\" src=\"https:\/\/www.kritische-masse.de\/logbuch\/2011\/01\/das-leben-ndern-nicht-die-kunst\/embed\/#?secret=jN3JM21sD6\" width=\"600\" height=\"338\" title=\"&#8222;Das Leben \u00e4ndern, nicht die Kunst&#8220; &#8211; Kritische Masse\" data-secret=\"jN3JM21sD6\" frameborder=\"0\" marginwidth=\"0\" marginheight=\"0\" scrolling=\"no\" class=\"wp-embedded-content\"><\/iframe><script>\n\/*! This file is auto-generated *\/\n!function(d,l){\"use strict\";l.querySelector&&d.addEventListener&&\"undefined\"!=typeof URL&&(d.wp=d.wp||{},d.wp.receiveEmbedMessage||(d.wp.receiveEmbedMessage=function(e){var t=e.data;if((t||t.secret||t.message||t.value)&&!\/[^a-zA-Z0-9]\/.test(t.secret)){for(var s,r,n,a=l.querySelectorAll('iframe[data-secret=\"'+t.secret+'\"]'),o=l.querySelectorAll('blockquote[data-secret=\"'+t.secret+'\"]'),c=new RegExp(\"^https?:$\",\"i\"),i=0;i<o.length;i++)o[i].style.display=\"none\";for(i=0;i<a.length;i++)s=a[i],e.source===s.contentWindow&&(s.removeAttribute(\"style\"),\"height\"===t.message?(1e3<(r=parseInt(t.value,10))?r=1e3:~~r<200&&(r=200),s.height=r):\"link\"===t.message&&(r=new URL(s.getAttribute(\"src\")),n=new URL(t.value),c.test(n.protocol))&&n.host===r.host&&l.activeElement===s&&(d.top.location.href=t.value))}},d.addEventListener(\"message\",d.wp.receiveEmbedMessage,!1),l.addEventListener(\"DOMContentLoaded\",function(){for(var e,t,s=l.querySelectorAll(\"iframe.wp-embedded-content\"),r=0;r<s.length;r++)(t=(e=s[r]).getAttribute(\"data-secret\"))||(t=Math.random().toString(36).substring(2,12),e.src+=\"#?secret=\"+t,e.setAttribute(\"data-secret\",t)),e.contentWindow.postMessage({message:\"ready\",secret:t},\"*\")},!1)))}(window,document);\n\/\/# sourceURL=https:\/\/www.kritische-masse.de\/logbuch\/wp-includes\/js\/wp-embed.min.js\n<\/script>\n","description":"&nbsp;Bei Edgar Wind und bei Adorno habe ich einige andere Einsichten gewonnen. In dem Kapitel \u00fcber \u00e4sthetische Partizipation stellt Wind fest, dass Kunst und Leben sich auseinanderentwickelt h\u00e4tten. Die Kunst sei in einer &quot;Randstellung&quot; zu finden. Und die K\u00fcnstler h\u00e4tten alles daran gesetzt, dies auch zu wollen: &quot;&#8230; die Gr\u00f6\u00dfe eines K\u00fcnstlers offenbarte sich in [&hellip;]"}